{"id":359,"date":"2017-06-26T14:42:37","date_gmt":"2017-06-26T12:42:37","guid":{"rendered":"http:\/\/www.dieflieger.de\/records1\/wordpress\/impressum-2\/"},"modified":"2020-10-07T09:34:12","modified_gmt":"2020-10-07T07:34:12","slug":"impressum-2","status":"publish","type":"page","link":"https:\/\/www.dieflieger.de\/records1\/wordpress\/impressum-2\/","title":{"rendered":"Impressum"},"content":{"rendered":"<p>flieger-records<\/p>\n<p>Luftpost habenichtspendig GbR<br \/>\nK\u00f6sliner Str. 2a<br \/>\n21337 L\u00fcneburg<br \/>\nGermany<\/p>\n<p>Steuernummer 33\/231\/49604<\/p>\n<p>Tel. 04131851580<br \/>\nFax 04131851581<br \/>\nE-Mail <a title=\"\" href=\"mailto:info@flieger-records.de\" target=\"_blank\" rel=\"noopener noreferrer\">info@flieger-records.de<\/a><\/p>\n<p style=\"text-align: left;\"><strong>Disclaimer \u2013 rechtliche Hinweise<\/strong><\/p>\n<p style=\"text-align: left;\">* Haftungsbeschr\u00e4nkung f\u00fcr eigene Inhalte Alle Inhalte unseres Internetauftritts wurden mit Sorgfalt und nach bestem Gewissen erstellt. Eine Gew\u00e4hr f\u00fcr die Aktualit\u00e4t, Vollst\u00e4ndigkeit und Richtigkeit s\u00e4mtlicher Seiten kann jedoch nicht \u00fcbernommen werden. Gem\u00e4\u00df \u00a7 7 Abs. 1 TMG sind wir als Dienstanbieter f\u00fcr eigene Inhalte auf diesen Seiten nach den allgemeinen Gesetzen verantwortlich, nach den \u00a7\u00a7 8 bis 10 TMG jedoch nicht verpflichtet, die \u00fcbermittelten oder gespeicherten fremden Informationen zu \u00fcberwachen. Eine umgehende Entfernung dieser Inhalte erfolgt ab dem Zeitpunkt der Kenntnis einer konkreten Rechtsverletzung und wir haften nicht vor dem Zeitpunkt der Kenntniserlangung.<br \/>\n* Haftungsbeschr\u00e4nkung f\u00fcr externe Links Unsere Webseite enth\u00e4lt sog. \u201eexterne Links\u201c (Verkn\u00fcpfungen zu Webseiten Dritter), auf deren Inhalt wir keinen Einfluss haben und f\u00fcr den wir aus diesem Grund keine Gew\u00e4hr \u00fcbernehmen. F\u00fcr die Inhalte und Richtigkeit der Informationen ist der jeweilige Informationsanbieter der verlinkten Webseite verantwortlich. Als die Verlinkung vorgenommen wurde, waren f\u00fcr uns keine Rechtsverst\u00f6\u00dfe erkennbar. Sollte uns eine Rechtsverletzung bekannt werden, wird der jeweilige Link umgehend von uns entfernt.<br \/>\n* Urheberrecht Die auf dieser Webseite ver\u00f6ffentlichten Inhalte und Werke unterliegen dem deutschen Urheberrecht. Jede Art der Vervielf\u00e4ltigung, Bearbeitung, Verbreitung und jede Art der Verwertung au\u00dferhalb der Grenzen des Urheberrechts bedarf der vorherigen schriftlichen Zustimmung des jeweiligen Urhebers bzw. Autors.<br \/>\n* Datenschutz Durch den Besuch unseres Internetauftritts k\u00f6nnen Informationen \u00fcber den Zugriff (Datum, Uhrzeit, aufgerufene Seite) auf dem Server gespeichert werden. Dies stellt keine Auswertung personenbezogener Daten (z.B. Name, Anschrift oder E-Mail Adresse) dar. Sofern personenbezogene Daten erhoben werden, erfolgt dies \u2013 sofern m\u00f6glich \u2013 nur mit dem vorherigen Einverst\u00e4ndnis des Nutzers der Webseite. Eine Weiterleitung der Daten an Dritte findet ohne ausdr\u00fcckliche Zustimmung des Nutzers nicht statt. Wir weisen ausdr\u00fccklich darauf hin, dass die \u00dcbertragung von Daten im Internet (z.B. per E-Mail) Sicherheitsl\u00fccken aufweisen kann. Ein l\u00fcckenloser Schutz der Daten vor dem Zugriff Dritter kann nicht gew\u00e4hrleistet werden. Wir k\u00f6nnen keine Haftung f\u00fcr die durch solche Sicherheitsl\u00fccken entstehenden Sch\u00e4den \u00fcbernehmen. Der Verwendung ver\u00f6ffentlichter Kontaktdaten durch Dritte zum Zwecke von Werbung wird ausdr\u00fccklich widersprochen. Wir behalten uns rechtliche Schritte f\u00fcr den Fall der unverlangten Zusendung von Werbeinformationen, z.B. durch Spam-Mails, vor.<\/p>\n<div id=\"content\" class=\"site-content\"><\/div>\n<div class=\"woocommerce woocommerce-gzd woocommerce-gzd-complaints-shortcode\">\n\t\t\t<h3>Alternative Streitbeilegung gem\u00e4\u00df Art. 14 Abs. 1 ODR-VO und \u00a7 36 VSBG:<\/h3>\n\t\n<p>Die Europ\u00e4ische Kommission stellt eine Plattform zur Online-Streitbeilegung (OS) bereit, die du unter <a href=\"https:\/\/ec.europa.eu\/consumers\/odr\" target=\"_blank\">https:\/\/ec.europa.eu\/consumers\/odr<\/a> findest. Zur Teilnahme an einem Streitbeilegungsverfahren vor einer Verbraucherschlichtungsstelle sind wir nicht verpflichtet und nicht bereit.<\/p>\n<\/div>\n<div id=\"main\" class=\"site-main\">\n<div id=\"main-content\" class=\"main-content\">\n<div id=\"primary\" class=\"content-area\">\n<div id=\"content\" class=\"site-content\" role=\"main\">\n<article id=\"post-102\" class=\"post-102 page type-page status-publish hentry\">\n<div class=\"entry-content\">\n<p><strong>\u00d6ffentliches Verfahrensverzeichnis nach \u00a7 4 e Bundesdatenschutzgesetz <\/strong><\/p>\n<ol>\n<li><strong>Name oder Firma der verantwortlichen Stelle<\/strong><br \/>\nLuftpost habenichtspendig GbR, flieger-rtecords<\/li>\n<li><strong>Inhaber, Vorst\u00e4nde, Gesch\u00e4ftsf\u00fchrer oder sonstige gesetzliche oder nach der Verfassung des Unternehmens berufene Leiter und die mit der Leitung der Datenverarbeitung beauftragten Personen<\/strong><br \/>\nGesch\u00e4ftsf\u00fchrer: Christian Habenicht, Olaf Spendig<\/li>\n<li><strong>Anschrift der verantwortlichen Stelle<\/strong><br \/>\nK\u00f6sliner Str.2a, 21337 L\u00fcneburg<\/li>\n<li><strong>Zweckbestimmung der Datenerhebung, -verarbeitung oder -nutzung<\/strong><br \/>\nDie Firma\u00a0 verkauft Tontr\u00e4ger. Die Datenerhebung, -verarbeitung und -nutzung erfolgt zur Aus\u00fcbung der oben angegebenen Zwecke.<\/li>\n<li><strong>Beschreibung der betroffenen Personengruppen und der diesbez\u00fcglichen Daten oder Datenkategorien<\/strong><br \/>\nZu folgenden Personengruppen werden personenbezogene Daten erhoben, verarbeitet und genutzt, sofern diese zur Erf\u00fcllung des unter 4. genannten Zweckes erforderlich sind: Kundendaten sowie Daten von Lieferanten, sofern diese zur Erf\u00fcllung der unter 4. genannten Zwecke erforderlich sind.<\/li>\n<li>Empf\u00e4nger oder Kategorien von Empf\u00e4ngern, denen die Daten mitgeteilt werden k\u00f6nnen. \u00d6ffentliche Stellen, die Daten aufgrund gesetzlicher Vorschriften erhalten, Interne Stellen, die an der Ausf\u00fchrung und Erf\u00fcllung der jeweiligen Gesch\u00e4ftsprozesse beteiligt sind, Externe Auftragnehmer (Dienstleistungsunternehmen) entsprechend \u00a7 11 des Datenschutzgesetzes, Externe Stellen, soweit dies zur Erf\u00fcllung der unter 4. genannten Zwecke erforderlich ist.<\/li>\n<li><strong>Regelfristen f\u00fcr die L\u00f6schung der Daten<\/strong><br \/>\nNach Ablauf der jeweiligen gesetzlichen Aufbewahrungsfristen werden die entsprechenden Daten routinem\u00e4\u00dfig gel\u00f6scht, sofern sie nicht mehr zur Vertragserf\u00fcllung erforderlich sind. Nicht von gesetzlichen Aufbewahrungspflichten betroffene Daten werden gel\u00f6scht, sobald die unter 4. genannten Zwecke weggefallen sind.<\/li>\n<li><strong>Geplante \u00dcbermittlung in Drittstaaten<\/strong><br \/>\nEine \u00dcbermittlung von Daten in Drittstaaten ist nicht geplant.<\/li>\n<\/ol>\n<\/div>\n<\/article>\n<\/div>\n<\/div>\n<div id=\"content-sidebar\" class=\"content-sidebar widget-area\" role=\"complementary\"><\/div>\n<\/div>\n<div id=\"secondary\"><\/div>\n<\/div>\n","protected":false},"excerpt":{"rendered":"<p>flieger-records Luftpost habenichtspendig GbR K\u00f6sliner Str. 2a 21337 L\u00fcneburg Germany Steuernummer 33\/231\/49604 Tel. 04131851580 Fax 04131851581 E-Mail info@flieger-records.de Disclaimer \u2013 rechtliche Hinweise * Haftungsbeschr\u00e4nkung f\u00fcr eigene Inhalte Alle Inhalte unseres Internetauftritts wurden mit Sorgfalt und nach bestem Gewissen erstellt. Eine Gew\u00e4hr f\u00fcr die Aktualit\u00e4t, Vollst\u00e4ndigkeit und Richtigkeit s\u00e4mtlicher Seiten kann jedoch nicht \u00fcbernommen werden. Gem\u00e4\u00df &hellip; <\/p>\n<p class=\"link-more\"><a href=\"https:\/\/www.dieflieger.de\/records1\/wordpress\/impressum-2\/\" class=\"more-link\"><span class=\"screen-reader-text\">\u201eImpressum\u201c<\/span> weiterlesen<\/a><\/p>\n","protected":false},"author":1,"featured_media":0,"parent":0,"menu_order":0,"comment_status":"closed","ping_status":"closed","template":"","meta":{"footnotes":""},"class_list":["post-359","page","type-page","status-publish","hentry"],"_links":{"self":[{"href":"https:\/\/www.dieflieger.de\/records1\/wordpress\/wp-json\/wp\/v2\/pages\/359"}],"collection":[{"href":"https:\/\/www.dieflieger.de\/records1\/wordpress\/wp-json\/wp\/v2\/pages"}],"about":[{"href":"https:\/\/www.dieflieger.de\/records1\/wordpress\/wp-json\/wp\/v2\/types\/page"}],"author":[{"embeddable":true,"href":"https:\/\/www.dieflieger.de\/records1\/wordpress\/wp-json\/wp\/v2\/users\/1"}],"replies":[{"embeddable":true,"href":"https:\/\/www.dieflieger.de\/records1\/wordpress\/wp-json\/wp\/v2\/comments?post=359"}],"version-history":[{"count":8,"href":"https:\/\/www.dieflieger.de\/records1\/wordpress\/wp-json\/wp\/v2\/pages\/359\/revisions"}],"predecessor-version":[{"id":904,"href":"https:\/\/www.dieflieger.de\/records1\/wordpress\/wp-json\/wp\/v2\/pages\/359\/revisions\/904"}],"wp:attachment":[{"href":"https:\/\/www.dieflieger.de\/records1\/wordpress\/wp-json\/wp\/v2\/media?parent=359"}],"curies":[{"name":"wp","href":"https:\/\/api.w.org\/{rel}","templated":true}]}}